{"id":1399,"date":"2016-10-02T20:50:09","date_gmt":"2016-10-02T20:50:09","guid":{"rendered":"http:\/\/www.ceat.cl\/inicio\/?page_id=1399"},"modified":"2025-06-24T21:13:13","modified_gmt":"2025-06-25T00:13:13","slug":"especialidades-mec-industrial","status":"publish","type":"page","link":"https:\/\/www.ceat.cl\/inicio\/especialidades-mec-industrial\/","title":{"rendered":"Especialidades &#8211; Mec. Industrial"},"content":{"rendered":"<p>[et_pb_section fb_built=\u00bb1&#8243; custom_padding_last_edited=\u00bbon|desktop\u00bb admin_label=\u00bbsection\u00bb _builder_version=\u00bb4.16&#8243; background_color=\u00bb#ffffff\u00bb custom_padding=\u00bb1px||1px|\u00bb custom_padding_tablet=\u00bb50px|0|50px|0&#8243; custom_padding_phone=\u00bb\u00bb transparent_background=\u00bboff\u00bb padding_mobile=\u00bboff\u00bb make_fullwidth=\u00bboff\u00bb use_custom_width=\u00bboff\u00bb width_unit=\u00bbon\u00bb global_colors_info=\u00bb{}\u00bb][et_pb_row padding_mobile=\u00bboff\u00bb column_padding_mobile=\u00bbon\u00bb admin_label=\u00bbrow\u00bb _builder_version=\u00bb4.16&#8243; background_size=\u00bbinitial\u00bb background_position=\u00bbtop_left\u00bb background_repeat=\u00bbrepeat\u00bb custom_margin=\u00bb0px||0px|\u00bb custom_margin_last_edited=\u00bboff|desktop\u00bb make_fullwidth=\u00bboff\u00bb use_custom_width=\u00bboff\u00bb width_unit=\u00bbon\u00bb global_colors_info=\u00bb{}\u00bb][et_pb_column type=\u00bb4_4&#8243; _builder_version=\u00bb4.16&#8243; custom_padding=\u00bb|||\u00bb global_colors_info=\u00bb{}\u00bb custom_padding__hover=\u00bb|||\u00bb][et_pb_text _builder_version=\u00bb4.16&#8243; background_size=\u00bbinitial\u00bb background_position=\u00bbtop_left\u00bb background_repeat=\u00bbrepeat\u00bb custom_margin=\u00bb0px||0px|\u00bb custom_padding=\u00bb0px||0px|\u00bb use_border_color=\u00bboff\u00bb border_color=\u00bb#ffffff\u00bb border_style=\u00bbsolid\u00bb collapsed=\u00bbon\u00bb global_colors_info=\u00bb{}\u00bb]<\/p>\n<div class=\"tab-content\">\n<h1 class=\"tab-content-title\"><strong>Mec\u00e1nica Industrial<\/strong><\/h1>\n<h5><em>Menci\u00f3n en Mantenci\u00f3n Electromec\u00e1nico &#8211; Menci\u00f3n M\u00e1quinas y Herramientas<\/em><\/h5>\n<\/div>\n<p>[\/et_pb_text][\/et_pb_column][\/et_pb_row][\/et_pb_section][et_pb_section fb_built=\u00bb1&#8243; custom_padding_last_edited=\u00bbon|desktop\u00bb _builder_version=\u00bb4.16&#8243; custom_padding=\u00bb1px||1px|\u00bb custom_padding_tablet=\u00bb50px|0|50px|0&#8243; custom_padding_phone=\u00bb\u00bb transparent_background=\u00bboff\u00bb padding_mobile=\u00bboff\u00bb make_fullwidth=\u00bboff\u00bb use_custom_width=\u00bboff\u00bb width_unit=\u00bbon\u00bb global_colors_info=\u00bb{}\u00bb][et_pb_row column_structure=\u00bb1_2,1_2&#8243; padding_mobile=\u00bboff\u00bb column_padding_mobile=\u00bbon\u00bb _builder_version=\u00bb4.16&#8243; background_size=\u00bbinitial\u00bb background_position=\u00bbtop_left\u00bb background_repeat=\u00bbrepeat\u00bb custom_margin=\u00bb10px||1px|\u00bb custom_padding=\u00bb1px||1px|\u00bb make_fullwidth=\u00bboff\u00bb use_custom_width=\u00bboff\u00bb width_unit=\u00bbon\u00bb global_colors_info=\u00bb{}\u00bb][et_pb_column type=\u00bb1_2&#8243; _builder_version=\u00bb4.16&#8243; custom_padding=\u00bb|||\u00bb global_colors_info=\u00bb{}\u00bb custom_padding__hover=\u00bb|||\u00bb][et_pb_text _builder_version=\u00bb4.16&#8243; background_size=\u00bbinitial\u00bb background_position=\u00bbtop_left\u00bb background_repeat=\u00bbrepeat\u00bb use_border_color=\u00bboff\u00bb border_color=\u00bb#ffffff\u00bb border_style=\u00bbsolid\u00bb global_colors_info=\u00bb{}\u00bb]<\/p>\n<h3 style=\"text-align: center;\"><span style=\"color: #ff6600;\">Menci\u00f3n Mantenimiento<br \/>Electromec\u00e1nico<\/span><\/h3>\n<p>[\/et_pb_text][et_pb_text _builder_version=\u00bb4.16&#8243; background_size=\u00bbinitial\u00bb background_position=\u00bbtop_left\u00bb background_repeat=\u00bbrepeat\u00bb custom_margin=\u00bb0px|||\u00bb custom_padding=\u00bb0px|||\u00bb use_border_color=\u00bboff\u00bb global_colors_info=\u00bb{}\u00bb]<\/p>\n<h3><span style=\"color: #ff6600;\">Perfil del estudiante al egresar<\/span><\/h3>\n<p style=\"text-align: justify;\">Los\/as egresados\/as de esta especialidad est\u00e1n capacitados\/as para realizar montajes, mantenimiento correctivo y preventivo de m\u00e1quinas y equipos mec\u00e1nicos administrar peque\u00f1as empresas o talleres. El \u00e9nfasis de su formaci\u00f3n est\u00e1 enfocado al uso de equipos de diagn\u00f3stico, a la automatizaci\u00f3n industrial y a la generaci\u00f3n de proyectos de emprendimiento relacionados con su especialidad.<\/p>\n<p>[\/et_pb_text][\/et_pb_column][et_pb_column type=\u00bb1_2&#8243; _builder_version=\u00bb4.16&#8243; custom_padding=\u00bb|||\u00bb global_colors_info=\u00bb{}\u00bb custom_padding__hover=\u00bb|||\u00bb][et_pb_text _builder_version=\u00bb4.16&#8243; background_size=\u00bbinitial\u00bb background_position=\u00bbtop_left\u00bb background_repeat=\u00bbrepeat\u00bb use_border_color=\u00bboff\u00bb border_color=\u00bb#ffffff\u00bb border_style=\u00bbsolid\u00bb global_colors_info=\u00bb{}\u00bb]<\/p>\n<h3 style=\"text-align: center;\"><span style=\"color: #ff6600;\">Menci\u00f3n M\u00e1quinas<br \/>y Herramientas<\/span><\/h3>\n<p>[\/et_pb_text][et_pb_text _builder_version=\u00bb4.16&#8243; background_size=\u00bbinitial\u00bb background_position=\u00bbtop_left\u00bb background_repeat=\u00bbrepeat\u00bb custom_margin=\u00bb0px||0px|\u00bb custom_padding=\u00bb0px||0px|\u00bb use_border_color=\u00bboff\u00bb global_colors_info=\u00bb{}\u00bb]<\/p>\n<h3><span style=\"color: #ff6600;\">Perfil del estudiante al egresar<\/span><\/h3>\n<p style=\"text-align: justify;\">Los\/as egresados\/as de esta especialidad est\u00e1n capacitados\/as para fabricar piezas mec\u00e1nicas y administrar peque\u00f1as empresas o talleres. El \u00e9nfasis de su formaci\u00f3n est\u00e1 enfocado en el uso de M\u00e1quinas Herramientas y Maquinaria de Precisi\u00f3n, a la automatizaci\u00f3n industrial y en la generaci\u00f3n de proyectos de emprendimiento relacionados con su especialidad.<\/p>\n<p>[\/et_pb_text][\/et_pb_column][\/et_pb_row][\/et_pb_section][et_pb_section fb_built=\u00bb1&#8243; custom_padding_last_edited=\u00bbon|desktop\u00bb _builder_version=\u00bb4.16&#8243; background_color=\u00bb#ffffff\u00bb custom_padding=\u00bb1px|||\u00bb custom_padding_tablet=\u00bb50px|0|50px|0&#8243; custom_padding_phone=\u00bb\u00bb transparent_background=\u00bboff\u00bb padding_mobile=\u00bboff\u00bb make_fullwidth=\u00bboff\u00bb use_custom_width=\u00bboff\u00bb width_unit=\u00bbon\u00bb global_colors_info=\u00bb{}\u00bb][et_pb_row padding_mobile=\u00bboff\u00bb column_padding_mobile=\u00bbon\u00bb _builder_version=\u00bb4.16&#8243; background_size=\u00bbinitial\u00bb background_position=\u00bbtop_left\u00bb background_repeat=\u00bbrepeat\u00bb custom_margin=\u00bb1px||1px|\u00bb make_fullwidth=\u00bboff\u00bb use_custom_width=\u00bboff\u00bb width_unit=\u00bbon\u00bb global_colors_info=\u00bb{}\u00bb][et_pb_column type=\u00bb4_4&#8243; _builder_version=\u00bb4.16&#8243; custom_padding=\u00bb|||\u00bb global_colors_info=\u00bb{}\u00bb custom_padding__hover=\u00bb|||\u00bb][et_pb_text _builder_version=\u00bb4.16&#8243; background_size=\u00bbinitial\u00bb background_position=\u00bbtop_left\u00bb background_repeat=\u00bbrepeat\u00bb use_border_color=\u00bboff\u00bb border_color=\u00bb#ffffff\u00bb border_style=\u00bbsolid\u00bb global_colors_info=\u00bb{}\u00bb]<\/p>\n<h3 style=\"text-align: left;\"><span style=\"color: #ff6600;\">Ambientes de aprendizaje<\/span><\/h3>\n<p>[\/et_pb_text][et_pb_slider show_arrows=\u00bboff\u00bb show_pagination=\u00bboff\u00bb _builder_version=\u00bb4.16&#8243; header_text_color=\u00bb#6d6d6d\u00bb header_font_size=\u00bb25&#8243; body_text_color=\u00bb#969696&#8243; background_position=\u00bbtop_left\u00bb custom_padding=\u00bb|||\u00bb auto=\u00bbon\u00bb auto_speed=\u00bb3500&#8243; auto_ignore_hover=\u00bbon\u00bb global_colors_info=\u00bb{}\u00bb button_text_size__hover_enabled=\u00bboff\u00bb button_text_size__hover=\u00bbnull\u00bb button_one_text_size__hover_enabled=\u00bboff\u00bb button_one_text_size__hover=\u00bbnull\u00bb button_two_text_size__hover_enabled=\u00bboff\u00bb button_two_text_size__hover=\u00bbnull\u00bb button_text_color__hover_enabled=\u00bboff\u00bb button_text_color__hover=\u00bbnull\u00bb button_one_text_color__hover_enabled=\u00bboff\u00bb button_one_text_color__hover=\u00bbnull\u00bb button_two_text_color__hover_enabled=\u00bboff\u00bb button_two_text_color__hover=\u00bbnull\u00bb button_border_width__hover_enabled=\u00bboff\u00bb button_border_width__hover=\u00bbnull\u00bb button_one_border_width__hover_enabled=\u00bboff\u00bb button_one_border_width__hover=\u00bbnull\u00bb button_two_border_width__hover_enabled=\u00bboff\u00bb button_two_border_width__hover=\u00bbnull\u00bb button_border_color__hover_enabled=\u00bboff\u00bb button_border_color__hover=\u00bbnull\u00bb button_one_border_color__hover_enabled=\u00bboff\u00bb button_one_border_color__hover=\u00bbnull\u00bb button_two_border_color__hover_enabled=\u00bboff\u00bb button_two_border_color__hover=\u00bbnull\u00bb button_border_radius__hover_enabled=\u00bboff\u00bb button_border_radius__hover=\u00bbnull\u00bb button_one_border_radius__hover_enabled=\u00bboff\u00bb button_one_border_radius__hover=\u00bbnull\u00bb button_two_border_radius__hover_enabled=\u00bboff\u00bb button_two_border_radius__hover=\u00bbnull\u00bb button_letter_spacing__hover_enabled=\u00bbon\u00bb button_letter_spacing__hover=\u00bb0&#8243; button_one_letter_spacing__hover_enabled=\u00bboff\u00bb button_one_letter_spacing__hover=\u00bbnull\u00bb button_two_letter_spacing__hover_enabled=\u00bboff\u00bb button_two_letter_spacing__hover=\u00bbnull\u00bb button_bg_color__hover_enabled=\u00bboff\u00bb button_bg_color__hover=\u00bbnull\u00bb button_one_bg_color__hover_enabled=\u00bboff\u00bb button_one_bg_color__hover=\u00bbnull\u00bb button_two_bg_color__hover_enabled=\u00bboff\u00bb button_two_bg_color__hover=\u00bbnull\u00bb][et_pb_slide heading=\u00bbTaller de M\u00e1quinas Herramientas\u00bb image=\u00bbhttp:\/\/www.ceat.cl\/inicio\/wp-content\/uploads\/2016\/10\/Industrial.jpg\u00bb use_bg_overlay=\u00bboff\u00bb use_text_overlay=\u00bboff\u00bb _builder_version=\u00bb4.16&#8243; header_font=\u00bb||||\u00bb body_font=\u00bb||||\u00bb background_color=\u00bb#ffffff\u00bb button_icon_placement=\u00bbright\u00bb button_on_hover=\u00bbon\u00bb global_colors_info=\u00bb{}\u00bb sticky_transition=\u00bbon\u00bb]Superficie 183 m2<br \/>\n[\/et_pb_slide][et_pb_slide heading=\u00bbTaller de M\u00e1quinas Herramientas\u00bb image=\u00bbhttps:\/\/www.ceat.cl\/inicio\/wp-content\/uploads\/2019\/09\/MEC-Industrial-2019-2020.jpg\u00bb use_bg_overlay=\u00bboff\u00bb use_text_overlay=\u00bboff\u00bb _builder_version=\u00bb4.16&#8243; header_font=\u00bb||||\u00bb body_font=\u00bb||||\u00bb background_color=\u00bb#ffffff\u00bb background_position=\u00bbtop_left\u00bb button_on_hover=\u00bbon\u00bb global_colors_info=\u00bb{}\u00bb sticky_transition=\u00bbon\u00bb]Superficie 183 m2<br \/>\n[\/et_pb_slide][et_pb_slide heading=\u00bbTaller de Soldadura\u00bb image=\u00bbhttp:\/\/www.ceat.cl\/inicio\/wp-content\/uploads\/2016\/10\/Soldadura-1.jpg\u00bb use_bg_overlay=\u00bboff\u00bb use_text_overlay=\u00bboff\u00bb _builder_version=\u00bb4.16&#8243; header_font=\u00bb||||\u00bb body_font=\u00bb||||\u00bb background_color=\u00bb#ffffff\u00bb background_position=\u00bbtop_left\u00bb button_on_hover=\u00bbon\u00bb global_colors_info=\u00bb{}\u00bb sticky_transition=\u00bbon\u00bb][\/et_pb_slide][et_pb_slide heading=\u00bbTaller de Soldadura\u00bb image=\u00bbhttp:\/\/www.ceat.cl\/inicio\/wp-content\/uploads\/2016\/10\/Soldadura-2.jpg\u00bb use_bg_overlay=\u00bboff\u00bb use_text_overlay=\u00bboff\u00bb _builder_version=\u00bb4.16&#8243; header_font=\u00bb||||\u00bb body_font=\u00bb||||\u00bb background_color=\u00bb#ffffff\u00bb background_position=\u00bbtop_left\u00bb global_colors_info=\u00bb{}\u00bb sticky_transition=\u00bbon\u00bb][\/et_pb_slide][et_pb_slide heading=\u00bbTaller CNC\u00bb image=\u00bbhttp:\/\/www.ceat.cl\/inicio\/wp-content\/uploads\/2016\/10\/IMG_4806.jpg\u00bb use_bg_overlay=\u00bboff\u00bb use_text_overlay=\u00bboff\u00bb _builder_version=\u00bb4.16&#8243; header_font=\u00bb||||\u00bb body_font=\u00bb||||\u00bb background_color=\u00bb#ffffff\u00bb global_colors_info=\u00bb{}\u00bb sticky_transition=\u00bbon\u00bb]Superficie 70 m2<\/p>\n<p>Profesor Camilo Astroza Sep\u00falveda, realizando la clase a estudiantes de tercer a\u00f1o medio.<br \/>\n[\/et_pb_slide][et_pb_slide heading=\u00bbTaller CNC\u00bb image=\u00bbhttps:\/\/www.ceat.cl\/inicio\/wp-content\/uploads\/2019\/09\/CNC-2019-2020.jpg\u00bb use_bg_overlay=\u00bboff\u00bb use_text_overlay=\u00bboff\u00bb _builder_version=\u00bb4.16&#8243; header_font=\u00bb||||\u00bb body_font=\u00bb||||\u00bb background_color=\u00bb#ffffff\u00bb background_position=\u00bbtop_left\u00bb button_on_hover=\u00bbon\u00bb global_colors_info=\u00bb{}\u00bb sticky_transition=\u00bbon\u00bb]Superficie 70 m2<br \/>\n[\/et_pb_slide][et_pb_slide heading=\u00bbLaboratorio de Automatizaci\u00f3n Industrial\u00bb image=\u00bbhttp:\/\/www.ceat.cl\/inicio\/wp-content\/uploads\/2016\/10\/R.-Concha1.jpg\u00bb use_bg_overlay=\u00bboff\u00bb use_text_overlay=\u00bboff\u00bb _builder_version=\u00bb4.16&#8243; header_font=\u00bb||||\u00bb body_font=\u00bb||||\u00bb background_color=\u00bb#ffffff\u00bb global_colors_info=\u00bb{}\u00bb sticky_transition=\u00bbon\u00bb]Superficie 116 m2<br \/>\n[\/et_pb_slide][et_pb_slide heading=\u00bbLaboratorio de Metrolog\u00eda\u00bb image=\u00bbhttp:\/\/www.ceat.cl\/inicio\/wp-content\/uploads\/2016\/10\/Metrolog\u00eda-2.jpg\u00bb use_bg_overlay=\u00bboff\u00bb use_text_overlay=\u00bboff\u00bb _builder_version=\u00bb4.16&#8243; header_font=\u00bb||||\u00bb body_font=\u00bb||||\u00bb background_color=\u00bb#ffffff\u00bb global_colors_info=\u00bb{}\u00bb sticky_transition=\u00bbon\u00bb]Superficie total del laboratorio: 57 m2<br \/>\n[\/et_pb_slide][et_pb_slide heading=\u00bbLaboratorio de Metrolog\u00eda\u00bb image=\u00bbhttp:\/\/www.ceat.cl\/inicio\/wp-content\/uploads\/2016\/10\/Metrolog\u00eda-1.jpg\u00bb use_bg_overlay=\u00bboff\u00bb use_text_overlay=\u00bboff\u00bb _builder_version=\u00bb4.16&#8243; header_font=\u00bb||||\u00bb body_font=\u00bb||||\u00bb background_color=\u00bb#ffffff\u00bb button_icon_placement=\u00bbright\u00bb button_on_hover=\u00bbon\u00bb global_colors_info=\u00bb{}\u00bb sticky_transition=\u00bbon\u00bb]Profesor Patricio Labra\u00f1a junto dos estudiantes de la especialidad.<br \/>\nSuperficie total del laboratorio: 57 m2<br \/>\n[\/et_pb_slide][\/et_pb_slider][\/et_pb_column][\/et_pb_row][\/et_pb_section]<\/p>\n","protected":false},"excerpt":{"rendered":"<p>Mec\u00e1nica Industrial Menci\u00f3n en Mantenci\u00f3n Electromec\u00e1nico &#8211; Menci\u00f3n M\u00e1quinas y Herramientas Menci\u00f3n MantenimientoElectromec\u00e1nico Perfil del estudiante al egresar Los\/as egresados\/as de esta especialidad est\u00e1n capacitados\/as para realizar montajes, mantenimiento correctivo y preventivo de m\u00e1quinas y equipos mec\u00e1nicos administrar peque\u00f1as empresas o talleres. El \u00e9nfasis de su formaci\u00f3n est\u00e1 enfocado al uso de equipos de diagn\u00f3stico, [&hellip;]<\/p>\n","protected":false},"author":2,"featured_media":0,"parent":0,"menu_order":0,"comment_status":"closed","ping_status":"closed","template":"","meta":{"_et_pb_use_builder":"on","_et_pb_old_content":"[et_pb_section bb_built=\"1\" admin_label=\"section\" transparent_background=\"off\" background_color=\"#ffffff\" allow_player_pause=\"off\" inner_shadow=\"off\" parallax=\"off\" parallax_method=\"off\" custom_padding=\"1px||1px|\" padding_mobile=\"off\" make_fullwidth=\"off\" use_custom_width=\"off\" width_unit=\"on\" make_equal=\"off\" use_custom_gutter=\"off\" custom_padding_tablet=\"50px|0|50px|0\" custom_padding_last_edited=\"on|desktop\" next_background_color=\"#FFFFFF\"][et_pb_row admin_label=\"row\" make_fullwidth=\"off\" use_custom_width=\"off\" width_unit=\"on\" use_custom_gutter=\"off\" padding_mobile=\"off\" custom_margin=\"0px||0px|\" custom_margin_last_edited=\"off|desktop\" allow_player_pause=\"off\" parallax=\"off\" parallax_method=\"off\" make_equal=\"off\" parallax_1=\"off\" parallax_method_1=\"off\" column_padding_mobile=\"on\" background_position=\"top_left\" background_repeat=\"repeat\" background_size=\"initial\"][et_pb_column type=\"4_4\"][et_pb_text background_layout=\"light\" text_orientation=\"left\" use_border_color=\"off\" border_color=\"#ffffff\" border_style=\"solid\" custom_margin=\"0px||0px|\" custom_padding=\"0px||0px|\" collapsed=\"on\" background_position=\"top_left\" background_repeat=\"repeat\" background_size=\"initial\"]\r\n<div class=\"tab-content\">\r\n<h1 class=\"tab-content-title\"><strong>Mec\u00e1nica Industrial<\/strong><\/h1>\r\n<h5><em>Menci\u00f3n en Mantenci\u00f3n Electromec\u00e1nico - Menci\u00f3n M\u00e1quinas y Herramientas<\/em><\/h5>\r\n<\/div>\r\n[\/et_pb_text][\/et_pb_column][\/et_pb_row][\/et_pb_section][et_pb_section bb_built=\"1\" fullwidth=\"off\" specialty=\"off\" transparent_background=\"off\" allow_player_pause=\"off\" inner_shadow=\"off\" parallax=\"off\" parallax_method=\"off\" custom_padding=\"1px||1px|\" padding_mobile=\"off\" make_fullwidth=\"off\" use_custom_width=\"off\" width_unit=\"on\" make_equal=\"off\" use_custom_gutter=\"off\" custom_padding_tablet=\"50px|0|50px|0\" custom_padding_last_edited=\"on|desktop\" prev_background_color=\"#ffffff\" next_background_color=\"#ffffff\"][et_pb_row make_fullwidth=\"off\" use_custom_width=\"off\" width_unit=\"on\" use_custom_gutter=\"off\" custom_padding=\"1px||1px|\" padding_mobile=\"off\" custom_margin=\"10px||1px|\" allow_player_pause=\"off\" parallax=\"off\" parallax_method=\"off\" make_equal=\"off\" parallax_1=\"off\" parallax_method_1=\"off\" parallax_2=\"off\" parallax_method_2=\"off\" column_padding_mobile=\"on\" background_position=\"top_left\" background_repeat=\"repeat\" background_size=\"initial\"][et_pb_column type=\"1_2\"][et_pb_text background_layout=\"light\" text_orientation=\"left\" use_border_color=\"off\" border_color=\"#ffffff\" border_style=\"solid\" background_position=\"top_left\" background_repeat=\"repeat\" background_size=\"initial\"]\r\n<h3 style=\"text-align: center;\"><span style=\"color: #ff6600;\">Menci\u00f3n Mantenimiento\r\nElectromec\u00e1nico<\/span><\/h3>\r\n[\/et_pb_text][et_pb_text background_layout=\"light\" text_orientation=\"left\" use_border_color=\"off\" border_color=\"#ffffff\" border_style=\"solid\" custom_margin=\"0px|||\" custom_padding=\"0px|||\" background_position=\"top_left\" background_repeat=\"repeat\" background_size=\"initial\"]\r\n<h3><span style=\"color: #ff6600;\">Perfil del estudiante al egresar<\/span><\/h3>\r\n<p style=\"text-align: justify;\">Los\/as egresados\/as de esta especialidad est\u00e1n capacitados\/as para realizar montajes, mantenimiento correctivo y\u00a0preventivo de m\u00e1quinas y equipos mec\u00e1nicos\u00a0administrar peque\u00f1as empresas o talleres.\u00a0El \u00e9nfasis de su formaci\u00f3n est\u00e1 enfocado al uso de equipos de diagn\u00f3stico, a la automatizaci\u00f3n industrial y a la generaci\u00f3n de proyectos de emprendimiento relacionados con su especialidad.<\/p>\r\n<p style=\"text-align: justify;\">La Pr\u00e1ctica Profesional tiene una duraci\u00f3n de 450 horas, pero podr\u00e1 iniciarse al t\u00e9rmino del tercer a\u00f1o medio, en forma voluntaria, y tendr\u00e1 una duraci\u00f3n no superior al 50 % de las horas anteriormente mencionadas. Para optar a lo anterior, el estudiante debe haber aprobado su tercer a\u00f1o medio y su rendimiento acad\u00e9mico promedio en la formaci\u00f3n diferenciada t\u00e9cnico profesional debe ser igual o superior a la calificaci\u00f3n 5,5. Adem\u00e1s, debe estar matriculado.<\/p>\r\n[\/et_pb_text][\/et_pb_column][et_pb_column type=\"1_2\"][et_pb_text background_layout=\"light\" text_orientation=\"left\" use_border_color=\"off\" border_color=\"#ffffff\" border_style=\"solid\" background_position=\"top_left\" background_repeat=\"repeat\" background_size=\"initial\"]\r\n<h3 style=\"text-align: center;\"><span style=\"color: #ff6600;\">Menci\u00f3n M\u00e1quinas\r\ny Herramientas<\/span><\/h3>\r\n[\/et_pb_text][et_pb_divider color=\"#ffffff\" show_divider=\"off\" divider_style=\"solid\" divider_position=\"top\" hide_on_mobile=\"on\" disabled_on=\"on|on|off\" \/][et_pb_text background_layout=\"light\" text_orientation=\"left\" use_border_color=\"off\" border_color=\"#ffffff\" border_style=\"solid\" custom_margin=\"0px||0px|\" custom_padding=\"0px||0px|\" background_position=\"top_left\" background_repeat=\"repeat\" background_size=\"initial\"]\r\n<h3><span style=\"color: #ff6600;\">Perfil del estudiante al egresar<\/span><\/h3>\r\n<p style=\"text-align: justify;\">Los\/as egresados\/as de esta especialidad est\u00e1n capacitados para efectuar la operaci\u00f3n y mantenimiento de instalaciones el\u00e9ctricas e industriales y de maquinaria electromec\u00e1nica, as\u00ed como para proyectar y ejecutar instalaciones de alumbrado y fuerza motriz.\u00a0El \u00e9nfasis de su formaci\u00f3n est\u00e1 enfocado al accionamiento y control de m\u00e1quinas el\u00e9ctricas, a la automatizaci\u00f3n industrial y a la generaci\u00f3n de proyectos de emprendimiento relacionados con su especialidad.<\/p>\r\n<p style=\"text-align: justify;\">La Pr\u00e1ctica Profesional tiene una duraci\u00f3n de 450 horas como m\u00ednimo y 720 horas como m\u00e1ximo, pero podr\u00e1 iniciarse al t\u00e9rmino del tercer a\u00f1o medio, en forma voluntaria, y tendr\u00e1 una duraci\u00f3n no superior al 50 % de las horas anteriormente mencionadas. Para optar a lo anterior, el estudiante debe haber aprobado su tercer a\u00f1o medio y su rendimiento acad\u00e9mico promedio en la formaci\u00f3n diferenciada t\u00e9cnico profesional debe ser igual o superior a la calificaci\u00f3n 5,5. Adem\u00e1s, debe estar matriculado.<\/p>\r\n[\/et_pb_text][\/et_pb_column][\/et_pb_row][et_pb_row make_fullwidth=\"off\" use_custom_width=\"off\" width_unit=\"on\" use_custom_gutter=\"off\" custom_padding=\"6px||3px|\" padding_mobile=\"off\" custom_margin=\"30px||20px|\" allow_player_pause=\"off\" parallax=\"off\" parallax_method=\"off\" make_equal=\"off\" parallax_1=\"off\" parallax_method_1=\"off\" column_padding_mobile=\"on\" background_position=\"top_left\" background_repeat=\"repeat\" background_size=\"initial\"][et_pb_column type=\"4_4\"][et_pb_text background_layout=\"light\" text_orientation=\"left\" use_border_color=\"off\" border_color=\"#ffffff\" border_style=\"solid\" custom_margin=\"1px|||\" custom_padding=\"1px|||\" background_position=\"top_left\" background_repeat=\"repeat\" background_size=\"initial\"]\r\n<h3 style=\"text-align: center;\"><span style=\"color: #ff6600;\">Documentos de descarga<\/span><\/h3>\r\n[\/et_pb_text][\/et_pb_column][\/et_pb_row][et_pb_row make_fullwidth=\"off\" use_custom_width=\"off\" width_unit=\"on\" use_custom_gutter=\"off\" custom_padding=\"1px||1px|\" padding_mobile=\"off\" custom_margin=\"20px||1px|\" allow_player_pause=\"off\" parallax=\"off\" parallax_method=\"off\" make_equal=\"off\" parallax_1=\"off\" parallax_method_1=\"off\" parallax_2=\"off\" parallax_method_2=\"off\" parallax_3=\"off\" parallax_method_3=\"off\" parallax_4=\"off\" parallax_method_4=\"off\" column_padding_mobile=\"on\" background_position=\"top_left\" background_repeat=\"repeat\" background_size=\"initial\"][et_pb_column type=\"1_4\"][et_pb_text admin_label=\"Carpeta Link Convenios\" background_layout=\"light\" text_orientation=\"left\" use_border_color=\"off\" border_color=\"#ffffff\" border_style=\"solid\" background_position=\"top_left\" background_repeat=\"repeat\" background_size=\"initial\"]\r\n<p style=\"text-align: center;\"><a href=\"https:\/\/drive.google.com\/drive\/folders\/0B6u-SaSWnm0GTzdtNXQ3a0JaTFE?usp=sharing\" target=\"_blank\" rel=\"noopener noreferrer\"><img class=\"aligncenter wp-image-796 size-full\" src=\"http:\/\/www.ceat.cl\/inicio\/wp-content\/uploads\/2016\/09\/o_cd33ab95ae3701ce-8-e1475808395573.jpg\" alt=\"\" width=\"70\" height=\"70\" \/><\/a><span style=\"color: #333333;\"><a style=\"color: #333333;\" href=\"https:\/\/drive.google.com\/drive\/folders\/0B6u-SaSWnm0GTzdtNXQ3a0JaTFE?usp=sharing\" target=\"_blank\" rel=\"noopener noreferrer\">Convenios<\/a><\/span><\/p>\r\n[\/et_pb_text][et_pb_text admin_label=\"Descriptor y Fechas\" background_layout=\"light\" text_orientation=\"left\" use_border_color=\"off\" border_color=\"#ffffff\" border_style=\"solid\" background_position=\"top_left\" background_repeat=\"repeat\" background_size=\"initial\"]\r\n<div style=\"text-align: center;\"><a href=\"http:\/\/www.ceat.cl\/inicio\/wp-content\/uploads\/2016\/09\/PRACTICA-PROFESIONAL-descriptor-y-fechas.docx\"><img class=\"wp-image-750 size-full aligncenter\" src=\"http:\/\/www.ceat.cl\/inicio\/wp-content\/uploads\/2016\/09\/icono-word-e1474666610464.png\" alt=\"icono-word\" width=\"50\" height=\"50\" \/><\/a>Pr\u00e1ctica Profesional<\/div>\r\n<div style=\"text-align: center;\">Descriptor y Fechas<\/div>\r\n[\/et_pb_text][\/et_pb_column][et_pb_column type=\"1_4\"][et_pb_text admin_label=\"Reglamento de Pr\u00e1ctica Profesional y titulaci\u00f3n\" use_border_color=\"off\" background_position=\"top_left\" background_repeat=\"repeat\" background_size=\"initial\" _builder_version=\"3.16.1\"]\r\n<p style=\"text-align: center;\"><a href=\"http:\/\/www.ceat.cl\/inicio\/wp-content\/uploads\/2018\/10\/REGLAMENTO-DE-PRACTICA-PROFESIONAL-Y-TITULACIO\u0301N-CEAT-01.10.2018.docx\"><img class=\"aligncenter wp-image-749 size-full\" src=\"http:\/\/www.ceat.cl\/inicio\/wp-content\/uploads\/2016\/09\/icono-pdf-e1474667147641.png\" alt=\"icono-pdf\" width=\"63\" height=\"67\" \/><\/a><span style=\"color: #808080;\"><a style=\"color: #808080;\" href=\"http:\/\/www.ceat.cl\/inicio\/wp-content\/uploads\/2018\/10\/REGLAMENTO-DE-PRACTICA-PROFESIONAL-Y-TITULACIO\u0301N-CEAT-01.10.2018.docx\">Reglamento de Pr\u00e1ctica Profesional y titulaci\u00f3n<\/a><\/span><\/p>\r\n[\/et_pb_text][\/et_pb_column][et_pb_column type=\"1_4\"][et_pb_text admin_label=\"Evaluaci\u00f3n N\u00b01 Pr\u00e1ctica Profesional\" background_layout=\"light\" text_orientation=\"left\" use_border_color=\"off\" border_color=\"#ffffff\" border_style=\"solid\" background_position=\"top_left\" background_repeat=\"repeat\" background_size=\"initial\"]\r\n<p style=\"text-align: center;\"><a href=\"http:\/\/www.ceat.cl\/inicio\/wp-content\/uploads\/2016\/09\/FORMULARIO-EVALUACION-DE-PRACTICA-PROFESIONAL-p%C3%A1gina-1.docx\"><img class=\"aligncenter wp-image-750 size-full\" src=\"http:\/\/www.ceat.cl\/inicio\/wp-content\/uploads\/2016\/09\/icono-word-e1474666610464.png\" alt=\"icono-word\" width=\"50\" height=\"50\" \/><\/a>Formulario\u00a0Evaluaci\u00f3n N\u00b01 Pr\u00e1ctica Profesional<\/p>\r\n[\/et_pb_text][\/et_pb_column][et_pb_column type=\"1_4\"][et_pb_text admin_label=\"Evaluaci\u00f3n N\u00b02 Pr\u00e1ctica Profesional\" background_layout=\"light\" text_orientation=\"left\" use_border_color=\"off\" border_color=\"#ffffff\" border_style=\"solid\" background_position=\"top_left\" background_repeat=\"repeat\" background_size=\"initial\"]\r\n<p style=\"text-align: center;\"><a href=\"http:\/\/www.ceat.cl\/inicio\/wp-content\/uploads\/2016\/09\/FORMULARIO-EVALUACION-DE-PRACTICA-PROFESIONAL-p%C3%A1gina-2-reverso.docx\"><img class=\"aligncenter wp-image-750 size-full\" src=\"http:\/\/www.ceat.cl\/inicio\/wp-content\/uploads\/2016\/09\/icono-word-e1474666610464.png\" alt=\"icono-word\" width=\"50\" height=\"50\" \/><\/a>Formulario Evaluaci\u00f3n N\u00b02 Pr\u00e1ctica Profesional<\/p>\r\n[\/et_pb_text][\/et_pb_column][\/et_pb_row][\/et_pb_section][et_pb_section bb_built=\"1\" fullwidth=\"off\" specialty=\"off\" transparent_background=\"off\" background_color=\"#ffffff\" allow_player_pause=\"off\" inner_shadow=\"off\" parallax=\"off\" parallax_method=\"off\" custom_padding=\"1px|||\" padding_mobile=\"off\" make_fullwidth=\"off\" use_custom_width=\"off\" width_unit=\"on\" make_equal=\"off\" use_custom_gutter=\"off\" custom_padding_tablet=\"50px|0|50px|0\" custom_padding_last_edited=\"on|desktop\" prev_background_color=\"#FFFFFF\"][et_pb_row make_fullwidth=\"off\" use_custom_width=\"off\" width_unit=\"on\" use_custom_gutter=\"off\" custom_padding=\"8px||1px|\" padding_mobile=\"off\" custom_margin=\"30px||1px|\" allow_player_pause=\"off\" parallax=\"off\" parallax_method=\"off\" make_equal=\"off\" parallax_1=\"off\" parallax_method_1=\"off\" parallax_2=\"off\" parallax_method_2=\"off\" column_padding_mobile=\"on\" background_position=\"top_left\" background_repeat=\"repeat\" background_size=\"initial\"][et_pb_column type=\"1_2\"][et_pb_text background_layout=\"light\" text_orientation=\"left\" use_border_color=\"off\" border_color=\"#ffffff\" border_style=\"solid\" background_position=\"top_left\" background_repeat=\"repeat\" background_size=\"initial\"]\r\n<h3 style=\"text-align: center;\"><span style=\"color: #ff6600;\">Menci\u00f3n Mantenimiento Electromec\u00e1nico<\/span><\/h3>\r\n[\/et_pb_text][et_pb_image src=\"http:\/\/www.ceat.cl\/inicio\/wp-content\/uploads\/2016\/10\/3-Industrial-electromecanica.jpg\" show_in_lightbox=\"on\" url_new_window=\"on\" use_overlay=\"off\" animation=\"off\" sticky=\"off\" align=\"left\" force_fullwidth=\"off\" always_center_on_mobile=\"on\" use_border_color=\"off\" border_color=\"#ffffff\" border_style=\"solid\" animation_style=\"none\" animation_duration=\"1000ms\" animation_intensity_slide=\"50%\" show_bottom_space=\"on\" \/][et_pb_image src=\"http:\/\/www.ceat.cl\/inicio\/wp-content\/uploads\/2016\/10\/4-Industrial-electromecanica.jpg\" show_in_lightbox=\"on\" url_new_window=\"off\" use_overlay=\"off\" animation=\"off\" sticky=\"off\" align=\"left\" force_fullwidth=\"off\" always_center_on_mobile=\"on\" use_border_color=\"off\" border_color=\"#ffffff\" border_style=\"solid\" animation_style=\"none\" animation_duration=\"1000ms\" animation_intensity_slide=\"50%\" show_bottom_space=\"on\" \/][\/et_pb_column][et_pb_column type=\"1_2\"][et_pb_text background_layout=\"light\" text_orientation=\"left\" use_border_color=\"off\" border_color=\"#ffffff\" border_style=\"solid\" background_position=\"top_left\" background_repeat=\"repeat\" background_size=\"initial\"]\r\n<h3 style=\"text-align: center;\"><span style=\"color: #ff6600;\">Menci\u00f3n M\u00e1quinas y Herramientas<\/span><\/h3>\r\n[\/et_pb_text][et_pb_image src=\"http:\/\/www.ceat.cl\/inicio\/wp-content\/uploads\/2016\/10\/3-Industrial-maquinas-y-herramientas.jpg\" show_in_lightbox=\"on\" url_new_window=\"off\" use_overlay=\"off\" animation=\"off\" sticky=\"off\" align=\"left\" force_fullwidth=\"off\" always_center_on_mobile=\"on\" use_border_color=\"off\" border_color=\"#ffffff\" border_style=\"solid\" animation_style=\"none\" animation_duration=\"1000ms\" animation_intensity_slide=\"50%\" show_bottom_space=\"on\" \/][et_pb_image src=\"http:\/\/www.ceat.cl\/inicio\/wp-content\/uploads\/2016\/10\/4-Industrial-maquinas-y-herramientas.jpg\" show_in_lightbox=\"on\" url_new_window=\"off\" use_overlay=\"off\" animation=\"off\" sticky=\"off\" align=\"left\" force_fullwidth=\"off\" always_center_on_mobile=\"on\" use_border_color=\"off\" border_color=\"#ffffff\" border_style=\"solid\" animation_style=\"none\" animation_duration=\"1000ms\" animation_intensity_slide=\"50%\" show_bottom_space=\"on\" \/][\/et_pb_column][\/et_pb_row][et_pb_row make_fullwidth=\"off\" use_custom_width=\"off\" width_unit=\"on\" use_custom_gutter=\"off\" padding_mobile=\"off\" custom_margin=\"1px||1px|\" allow_player_pause=\"off\" parallax=\"off\" parallax_method=\"off\" make_equal=\"off\" parallax_1=\"off\" parallax_method_1=\"off\" column_padding_mobile=\"on\" background_position=\"top_left\" background_repeat=\"repeat\" background_size=\"initial\"][et_pb_column type=\"4_4\"][et_pb_text background_layout=\"light\" text_orientation=\"left\" use_border_color=\"off\" border_color=\"#ffffff\" border_style=\"solid\" background_position=\"top_left\" background_repeat=\"repeat\" background_size=\"initial\"]\r\n<h3 style=\"text-align: left;\"><span style=\"color: #ff6600;\">Ambientes de aprendizaje<\/span><\/h3>\r\n[\/et_pb_text][et_pb_slider show_arrows=\"off\" show_pagination=\"off\" auto=\"on\" auto_ignore_hover=\"on\" parallax=\"off\" parallax_method=\"off\" remove_inner_shadow=\"off\" background_position=\"default\" background_size=\"default\" hide_content_on_mobile=\"off\" hide_cta_on_mobile=\"off\" show_image_video_mobile=\"off\" header_text_color=\"#6d6d6d\" body_text_color=\"#969696\" custom_button=\"off\" button_letter_spacing=\"0\" button_use_icon=\"default\" button_icon_placement=\"right\" button_on_hover=\"on\" button_letter_spacing_hover=\"0\" header_font_size=\"25\" auto_speed=\"3500\" custom_padding=\"|||\" custom_padding_tablet=\"|||\" custom_padding_phone=\"|||\" show_inner_shadow=\"on\" show_content_on_mobile=\"on\" show_cta_on_mobile=\"on\" box_shadow_horizontal=\"0px\" box_shadow_vertical=\"0px\" box_shadow_blur=\"10px\" box_shadow_spread=\"0px\" box_shadow_position=\"inner\" box_shadow_color=\"rgba(0,0,0,0.1)\" box_shadow_style=\"preset6\" button_text_size__hover_enabled=\"off\" button_text_size__hover=\"null\" button_one_text_size__hover_enabled=\"off\" button_one_text_size__hover=\"null\" button_two_text_size__hover_enabled=\"off\" button_two_text_size__hover=\"null\" button_text_color__hover_enabled=\"off\" button_text_color__hover=\"null\" button_one_text_color__hover_enabled=\"off\" button_one_text_color__hover=\"null\" button_two_text_color__hover_enabled=\"off\" button_two_text_color__hover=\"null\" button_border_width__hover_enabled=\"off\" button_border_width__hover=\"null\" button_one_border_width__hover_enabled=\"off\" button_one_border_width__hover=\"null\" button_two_border_width__hover_enabled=\"off\" button_two_border_width__hover=\"null\" button_border_color__hover_enabled=\"off\" button_border_color__hover=\"null\" button_one_border_color__hover_enabled=\"off\" button_one_border_color__hover=\"null\" button_two_border_color__hover_enabled=\"off\" button_two_border_color__hover=\"null\" button_border_radius__hover_enabled=\"off\" button_border_radius__hover=\"null\" button_one_border_radius__hover_enabled=\"off\" button_one_border_radius__hover=\"null\" button_two_border_radius__hover_enabled=\"off\" button_two_border_radius__hover=\"null\" button_letter_spacing__hover_enabled=\"on\" button_letter_spacing__hover=\"0\" button_one_letter_spacing__hover_enabled=\"off\" button_one_letter_spacing__hover=\"null\" button_two_letter_spacing__hover_enabled=\"off\" button_two_letter_spacing__hover=\"null\" button_bg_color__hover_enabled=\"off\" button_bg_color__hover=\"null\" button_one_bg_color__hover_enabled=\"off\" button_one_bg_color__hover=\"null\" button_two_bg_color__hover_enabled=\"off\" button_two_bg_color__hover=\"null\"][et_pb_slide heading=\"Taller de M\u00e1quinas Herramientas\" background_position=\"default\" background_size=\"default\" background_color=\"#ffffff\" image=\"http:\/\/www.ceat.cl\/inicio\/wp-content\/uploads\/2016\/10\/Industrial.jpg\" use_bg_overlay=\"off\" use_text_overlay=\"off\" alignment=\"center\" background_layout=\"dark\" allow_player_pause=\"off\" text_border_radius=\"3\" header_font_select=\"default\" header_font=\"||||\" body_font_select=\"default\" body_font=\"||||\" custom_button=\"off\" button_font_select=\"default\" button_font=\"||||\" button_use_icon=\"default\" button_icon_placement=\"right\" button_on_hover=\"on\"]\r\n\r\nSuperficie 183 m2\r\n\r\n[\/et_pb_slide][et_pb_slide heading=\"Taller de M\u00e1quinas Herramientas\" background_position=\"default\" background_size=\"default\" background_color=\"#ffffff\" image=\"http:\/\/www.ceat.cl\/inicio\/wp-content\/uploads\/2016\/10\/DSC_0015-2.jpg\" use_bg_overlay=\"off\" use_text_overlay=\"off\" alignment=\"center\" background_layout=\"dark\" allow_player_pause=\"off\" text_border_radius=\"3\" header_font_select=\"default\" header_font=\"||||\" body_font_select=\"default\" body_font=\"||||\" custom_button=\"off\" button_font_select=\"default\" button_font=\"||||\" button_use_icon=\"default\" button_icon_placement=\"right\" button_on_hover=\"on\"]\r\n\r\nSuperficie 183 m2\r\n\r\n[\/et_pb_slide][et_pb_slide heading=\"Taller de Soldadura\" background_position=\"default\" background_size=\"default\" background_color=\"#ffffff\" image=\"http:\/\/www.ceat.cl\/inicio\/wp-content\/uploads\/2016\/10\/Soldadura-1.jpg\" use_bg_overlay=\"off\" use_text_overlay=\"off\" alignment=\"center\" background_layout=\"dark\" allow_player_pause=\"off\" text_border_radius=\"3\" header_font_select=\"default\" header_font=\"||||\" body_font_select=\"default\" body_font=\"||||\" custom_button=\"off\" button_font_select=\"default\" button_font=\"||||\" button_use_icon=\"default\" button_icon_placement=\"right\" button_on_hover=\"on\"]\r\n\r\nEstudiante de Cuarto a\u00f1o medio realizando su proyecto en soldadura\r\n\r\n[\/et_pb_slide][et_pb_slide heading=\"Taller de Soldadura\" background_position=\"default\" background_size=\"default\" background_color=\"#ffffff\" image=\"http:\/\/www.ceat.cl\/inicio\/wp-content\/uploads\/2016\/10\/Soldadura-2.jpg\" use_bg_overlay=\"off\" use_text_overlay=\"off\" alignment=\"center\" background_layout=\"dark\" allow_player_pause=\"off\" text_border_radius=\"3\" header_font_select=\"default\" header_font=\"||||\" body_font_select=\"default\" body_font=\"||||\" custom_button=\"off\" button_font_select=\"default\" button_font=\"||||\" button_use_icon=\"default\" button_icon_placement=\"right\" button_on_hover=\"on\"]\r\n\r\nEstudiante de Cuarto a\u00f1o medio realizando su proyecto en soldadura\r\n\r\n[\/et_pb_slide][et_pb_slide heading=\"Taller de Soldadura\" background_position=\"default\" background_size=\"default\" background_color=\"#ffffff\" image=\"http:\/\/www.ceat.cl\/inicio\/wp-content\/uploads\/2016\/10\/Soldadura.jpg\" use_bg_overlay=\"off\" use_text_overlay=\"off\" alignment=\"center\" background_layout=\"dark\" allow_player_pause=\"off\" text_border_radius=\"3\" header_font_select=\"default\" header_font=\"||||\" body_font_select=\"default\" body_font=\"||||\" custom_button=\"off\" button_font_select=\"default\" button_font=\"||||\" button_use_icon=\"default\" button_icon_placement=\"right\" button_on_hover=\"on\"]\r\n\r\nEstudiante de Cuarto a\u00f1o medio realizando su proyecto en soldadura\r\n\r\n[\/et_pb_slide][et_pb_slide heading=\"Taller CNC\" background_position=\"default\" background_size=\"default\" background_color=\"#ffffff\" image=\"http:\/\/www.ceat.cl\/inicio\/wp-content\/uploads\/2016\/10\/IMG_4806.jpg\" use_bg_overlay=\"off\" use_text_overlay=\"off\" alignment=\"center\" background_layout=\"dark\" allow_player_pause=\"off\" text_border_radius=\"3\" header_font_select=\"default\" header_font=\"||||\" body_font_select=\"default\" body_font=\"||||\" custom_button=\"off\" button_font_select=\"default\" button_font=\"||||\" button_use_icon=\"default\" button_icon_placement=\"right\" button_on_hover=\"on\"]\r\n\r\nSuperficie 70 m2\r\n\r\nProfesor Camilo Astroza Sep\u00falveda, realizando la clase a estudiantes de tercer a\u00f1o medio.\r\n\r\n[\/et_pb_slide][et_pb_slide heading=\"Taller CNC\" background_position=\"default\" background_size=\"default\" background_color=\"#ffffff\" image=\"http:\/\/www.ceat.cl\/inicio\/wp-content\/uploads\/2016\/10\/IMG_4807.jpg\" use_bg_overlay=\"off\" use_text_overlay=\"off\" alignment=\"center\" background_layout=\"dark\" allow_player_pause=\"off\" text_border_radius=\"3\" header_font_select=\"default\" header_font=\"||||\" body_font_select=\"default\" body_font=\"||||\" custom_button=\"off\" button_font_select=\"default\" button_font=\"||||\" button_use_icon=\"default\" button_icon_placement=\"right\" button_on_hover=\"on\"]\r\n\r\nSuperficie 70 m2\r\n\r\n[\/et_pb_slide][et_pb_slide heading=\"Laboratorio de Automatizaci\u00f3n Industrial\" background_position=\"default\" background_size=\"default\" background_color=\"#ffffff\" image=\"http:\/\/www.ceat.cl\/inicio\/wp-content\/uploads\/2016\/10\/R.-Concha1.jpg\" use_bg_overlay=\"off\" use_text_overlay=\"off\" alignment=\"center\" background_layout=\"dark\" allow_player_pause=\"off\" text_border_radius=\"3\" header_font_select=\"default\" header_font=\"||||\" body_font_select=\"default\" body_font=\"||||\" custom_button=\"off\" button_font_select=\"default\" button_font=\"||||\" button_use_icon=\"default\" button_icon_placement=\"right\" button_on_hover=\"on\"]\r\n\r\nSuperficie 116 m2\r\n\r\n[\/et_pb_slide][et_pb_slide heading=\"Laboratorio de Automatizaci\u00f3n Industrial\" background_position=\"default\" background_size=\"default\" background_color=\"#ffffff\" image=\"http:\/\/www.ceat.cl\/inicio\/wp-content\/uploads\/2016\/10\/R.-Concha3.jpg\" use_bg_overlay=\"off\" use_text_overlay=\"off\" alignment=\"center\" background_layout=\"dark\" allow_player_pause=\"off\" text_border_radius=\"3\" header_font_select=\"default\" header_font=\"||||\" body_font_select=\"default\" body_font=\"||||\" custom_button=\"off\" button_font_select=\"default\" button_font=\"||||\" button_use_icon=\"default\" button_icon_placement=\"right\" button_on_hover=\"on\"]\r\n\r\nSuperficie 116 m2\r\nProfesor Rodrigo Concha junto dos estudiantes de la especialidad.\r\n\r\n[\/et_pb_slide][et_pb_slide heading=\"Laboratorio de Metrolog\u00eda\" background_position=\"default\" background_size=\"default\" background_color=\"#ffffff\" image=\"http:\/\/www.ceat.cl\/inicio\/wp-content\/uploads\/2016\/10\/Metrolog\u00eda-2.jpg\" use_bg_overlay=\"off\" use_text_overlay=\"off\" alignment=\"center\" background_layout=\"dark\" allow_player_pause=\"off\" text_border_radius=\"3\" header_font_select=\"default\" header_font=\"||||\" body_font_select=\"default\" body_font=\"||||\" custom_button=\"off\" button_font_select=\"default\" button_font=\"||||\" button_use_icon=\"default\" button_icon_placement=\"right\" button_on_hover=\"on\"]\r\n\r\nSuperficie total del laboratorio: 57 m2\r\n\r\n[\/et_pb_slide][et_pb_slide heading=\"Laboratorio de Metrolog\u00eda\" background_position=\"default\" background_size=\"default\" background_color=\"#ffffff\" image=\"http:\/\/www.ceat.cl\/inicio\/wp-content\/uploads\/2016\/10\/Metrolog\u00eda-1.jpg\" use_bg_overlay=\"off\" use_text_overlay=\"off\" alignment=\"center\" background_layout=\"dark\" allow_player_pause=\"off\" text_border_radius=\"3\" header_font_select=\"default\" header_font=\"||||\" body_font_select=\"default\" body_font=\"||||\" custom_button=\"off\" button_font_select=\"default\" button_font=\"||||\" button_use_icon=\"default\" button_icon_placement=\"right\" button_on_hover=\"on\"]\r\n\r\nProfesor Patricio Labra\u00f1a junto dos estudiantes de la especialidad.\r\nSuperficie total del laboratorio: 57 m2\r\n\r\n[\/et_pb_slide][\/et_pb_slider][\/et_pb_column][\/et_pb_row][\/et_pb_section]","_et_gb_content_width":"","footnotes":""},"class_list":["post-1399","page","type-page","status-publish","hentry"],"_links":{"self":[{"href":"https:\/\/www.ceat.cl\/inicio\/wp-json\/wp\/v2\/pages\/1399","targetHints":{"allow":["GET"]}}],"collection":[{"href":"https:\/\/www.ceat.cl\/inicio\/wp-json\/wp\/v2\/pages"}],"about":[{"href":"https:\/\/www.ceat.cl\/inicio\/wp-json\/wp\/v2\/types\/page"}],"author":[{"embeddable":true,"href":"https:\/\/www.ceat.cl\/inicio\/wp-json\/wp\/v2\/users\/2"}],"replies":[{"embeddable":true,"href":"https:\/\/www.ceat.cl\/inicio\/wp-json\/wp\/v2\/comments?post=1399"}],"version-history":[{"count":4,"href":"https:\/\/www.ceat.cl\/inicio\/wp-json\/wp\/v2\/pages\/1399\/revisions"}],"predecessor-version":[{"id":18952,"href":"https:\/\/www.ceat.cl\/inicio\/wp-json\/wp\/v2\/pages\/1399\/revisions\/18952"}],"wp:attachment":[{"href":"https:\/\/www.ceat.cl\/inicio\/wp-json\/wp\/v2\/media?parent=1399"}],"curies":[{"name":"wp","href":"https:\/\/api.w.org\/{rel}","templated":true}]}}