{"id":8378,"date":"2019-04-15T02:00:30","date_gmt":"2019-04-15T05:00:30","guid":{"rendered":"https:\/\/www.ceat.cl\/inicio\/?page_id=8378"},"modified":"2019-04-28T09:12:34","modified_gmt":"2019-04-28T12:12:34","slug":"ceat-liceo-bicentenario-de-excelencia","status":"publish","type":"page","link":"https:\/\/www.ceat.cl\/inicio\/ceat-liceo-bicentenario-de-excelencia\/","title":{"rendered":"CEAT, Liceo Bicentenario de Excelencia"},"content":{"rendered":"<p>[et_pb_section bb_built=\u00bb1&#8243; fullwidth=\u00bbon\u00bb specialty=\u00bboff\u00bb transparent_background=\u00bboff\u00bb background_color=\u00bb#ffffff\u00bb allow_player_pause=\u00bboff\u00bb inner_shadow=\u00bboff\u00bb parallax=\u00bboff\u00bb parallax_method=\u00bboff\u00bb padding_mobile=\u00bboff\u00bb make_fullwidth=\u00bboff\u00bb use_custom_width=\u00bboff\u00bb width_unit=\u00bbon\u00bb make_equal=\u00bboff\u00bb use_custom_gutter=\u00bboff\u00bb custom_padding_tablet=\u00bb50px|0|50px|0&#8243; custom_padding_last_edited=\u00bbon|desktop\u00bb next_background_color=\u00bb#000000&#8243; global_module=\u00bb403&#8243;][et_pb_fullwidth_menu global_parent=\u00bb403&#8243; menu_id=\u00bb10&#8243; background_color=\u00bb#000000&#8243; background_layout=\u00bblight\u00bb text_orientation=\u00bbleft\u00bb submenu_direction=\u00bbdownwards\u00bb fullwidth_menu=\u00bboff\u00bb active_link_color=\u00bb#ffffff\u00bb dropdown_menu_bg_color=\u00bb#000000&#8243; dropdown_menu_line_color=\u00bb#ffffff\u00bb dropdown_menu_text_color=\u00bb#ffffff\u00bb dropdown_menu_animation=\u00bbfade\u00bb mobile_menu_bg_color=\u00bb#000000&#8243; mobile_menu_text_color=\u00bb#ffffff\u00bb menu_text_color=\u00bb#ffffff\u00bb disabled=\u00bboff\u00bb disabled_on=\u00bboff|off|off\u00bb]<\/p>\n<p>&nbsp;<\/p>\n<p>[\/et_pb_fullwidth_menu][\/et_pb_section][et_pb_section bb_built=\u00bb1&#8243; admin_label=\u00bbSection\u00bb fullwidth=\u00bbon\u00bb specialty=\u00bboff\u00bb prev_background_color=\u00bb#000000&#8243; next_background_color=\u00bb#000000&#8243;][et_pb_fullwidth_image admin_label=\u00bbFullwidth Image\u00bb src=\u00bbhttp:\/\/www.ceat.cl\/inicio\/wp-content\/uploads\/2016\/08\/barra.png\u00bb show_in_lightbox=\u00bboff\u00bb url_new_window=\u00bboff\u00bb use_overlay=\u00bboff\u00bb animation=\u00bbleft\u00bb use_border_color=\u00bboff\u00bb border_color=\u00bb#ffffff\u00bb border_style=\u00bbsolid\u00bb animation_style=\u00bbslide\u00bb animation_duration=\u00bb500ms\u00bb animation_intensity_slide=\u00bb10%\u00bb animation_direction=\u00bbleft\u00bb _builder_version=\u00bb3.19&#8243; \/][\/et_pb_section][et_pb_section bb_built=\u00bb1&#8243; fullwidth=\u00bboff\u00bb specialty=\u00bboff\u00bb prev_background_color=\u00bb#000000&#8243;][et_pb_row _builder_version=\u00bb3.19&#8243; custom_margin=\u00bb5px|||\u00bb custom_padding=\u00bb5px|||\u00bb][et_pb_column type=\u00bb1_4&#8243;][et_pb_image _builder_version=\u00bb3.19&#8243; src=\u00bbhttps:\/\/www.ceat.cl\/inicio\/wp-content\/uploads\/2019\/04\/logo-liceos-bicentenario.png\u00bb \/][\/et_pb_column][et_pb_column type=\u00bb1_2&#8243;][et_pb_text _builder_version=\u00bb3.19&#8243;]<\/p>\n<h2 style=\"text-align: center;\"><span style=\"color: #993300;\"><strong>CEAT<\/strong><\/span><br \/><span style=\"color: #993300;\"><strong>Liceo Bicentenario de Excelencia<\/strong><\/span><\/h2>\n<p>[\/et_pb_text][et_pb_text _builder_version=\u00bb3.19&#8243;]<\/p>\n<p style=\"text-align: center;\">Los Liceos Bicentenario son un grupo de establecimientos que comparten tres principios de excelencia para entregar una educaci\u00f3n de calidad: altas expectativas, foco en los aprendizajes y en la sala de clases.<\/p>\n<p>[\/et_pb_text][\/et_pb_column][et_pb_column type=\u00bb1_4&#8243;][et_pb_image _builder_version=\u00bb3.19&#8243; src=\u00bbhttps:\/\/www.ceat.cl\/inicio\/wp-content\/uploads\/2016\/09\/isologo-color-jpg0.jpg\u00bb \/][\/et_pb_column][\/et_pb_row][et_pb_row _builder_version=\u00bb3.19&#8243; custom_margin=\u00bb5px|||\u00bb custom_padding=\u00bb5px|||\u00bb][et_pb_column type=\u00bb1_2&#8243;][et_pb_text admin_label=\u00bb1O COMPROMISOS BICENTENARIO\u00bb _builder_version=\u00bb3.19&#8243; link_option_url=\u00bbhttps:\/\/www.ceat.cl\/inicio\/ceat-liceo-bicentenario-los-10-compromisos-bicentenario\/\u00bb background_image=\u00bbhttps:\/\/www.ceat.cl\/inicio\/wp-content\/uploads\/2019\/04\/banner-en-blanco.png\u00bb text_orientation=\u00bbcenter\u00bb box_shadow_style=\u00bbpreset3&#8243; link_option_url_new_window=\u00bbon\u00bb text_line_height=\u00bb1.6em\u00bb border_width_all=\u00bb2px\u00bb border_color_all=\u00bb#b5b5b5&#8243; text_font=\u00bb|800|||||||\u00bb custom_padding=\u00bb5px||5px|\u00bb]<\/p>\n<p><strong>1O COMPROMISOS BICENTENARIO<\/strong><\/p>\n<p>[\/et_pb_text][\/et_pb_column][et_pb_column type=\u00bb1_2&#8243;][et_pb_text admin_label=\u00bbliceos bicentenario mineduc\u00bb _builder_version=\u00bb3.19&#8243; link_option_url=\u00bbhttp:\/\/liceosbicentenario.mineduc.cl\/\u00bb background_image=\u00bbhttps:\/\/www.ceat.cl\/inicio\/wp-content\/uploads\/2019\/04\/banner-en-blanco.png\u00bb text_orientation=\u00bbcenter\u00bb box_shadow_style=\u00bbpreset3&#8243; link_option_url_new_window=\u00bbon\u00bb text_line_height=\u00bb1.6em\u00bb border_width_all=\u00bb2px\u00bb border_color_all=\u00bb#b5b5b5&#8243; text_font=\u00bb|800|||||||\u00bb custom_padding=\u00bb5px||5px|\u00bb]<\/p>\n<p><strong>LICEOS BICENTENARIO MINEDUC<\/strong><\/p>\n<p>[\/et_pb_text][\/et_pb_column][\/et_pb_row][et_pb_row _builder_version=\u00bb3.19&#8243; custom_margin=\u00bb||5px|\u00bb custom_padding=\u00bb||5px|\u00bb][et_pb_column type=\u00bb1_5&#8243;][\/et_pb_column][et_pb_column type=\u00bb3_5&#8243;][et_pb_text _builder_version=\u00bb3.19&#8243; disabled=\u00bboff\u00bb disabled_on=\u00bbon|on|\u00bb]<\/p>\n        <div class=\"wcp-carousel-main-wrap\">\r\n        <section class=\"wcp-slick\"  data-autoplay = on data-autoplaySpeed = 2500 data-slidesToShow = 1 data-slidesToShowtab = 1 data-slidesToShowmob = 1 data-slidesToScroll = 2 data-margin = 20px data-arrows = on id=\"carousel-8585\">\r\n\r\n                            <div class=\"slick-slide carousel-item-10425\">\r\n                    <div class=\"rpc-post-carousel3 rpc-box\">\r\n\t<div class=\"rpc-post-image\">\r\n\t\t<a href=\"https:\/\/www.ceat.cl\/inicio\/mineduc-congrega-en-jornada-online-a-los-112-directores-de-liceos-bicentenario-tp-y-entrega-medidas-de-apoyo-al-sector\/\" target=\"_self\">\r\n\t\t\t<div class=\"fixed-height-image\"><img loading=\"lazy\" decoding=\"async\" width=\"1200\" height=\"900\" src=\"https:\/\/www.ceat.cl\/inicio\/wp-content\/uploads\/2020\/05\/Mineduc-congrega-en-jornada-online-a-los-112-directores-de-Liceos-Bicentenario-TP-y-entrega-medidas-de-apoyo-al-sector.jpeg\" class=\"attachment- size- wp-post-image\" alt=\"\" srcset=\"https:\/\/www.ceat.cl\/inicio\/wp-content\/uploads\/2020\/05\/Mineduc-congrega-en-jornada-online-a-los-112-directores-de-Liceos-Bicentenario-TP-y-entrega-medidas-de-apoyo-al-sector.jpeg 1200w, https:\/\/www.ceat.cl\/inicio\/wp-content\/uploads\/2020\/05\/Mineduc-congrega-en-jornada-online-a-los-112-directores-de-Liceos-Bicentenario-TP-y-entrega-medidas-de-apoyo-al-sector-300x225.jpeg 300w, https:\/\/www.ceat.cl\/inicio\/wp-content\/uploads\/2020\/05\/Mineduc-congrega-en-jornada-online-a-los-112-directores-de-Liceos-Bicentenario-TP-y-entrega-medidas-de-apoyo-al-sector-1024x768.jpeg 1024w, https:\/\/www.ceat.cl\/inicio\/wp-content\/uploads\/2020\/05\/Mineduc-congrega-en-jornada-online-a-los-112-directores-de-Liceos-Bicentenario-TP-y-entrega-medidas-de-apoyo-al-sector-768x576.jpeg 768w, https:\/\/www.ceat.cl\/inicio\/wp-content\/uploads\/2020\/05\/Mineduc-congrega-en-jornada-online-a-los-112-directores-de-Liceos-Bicentenario-TP-y-entrega-medidas-de-apoyo-al-sector-510x382.jpeg 510w, https:\/\/www.ceat.cl\/inicio\/wp-content\/uploads\/2020\/05\/Mineduc-congrega-en-jornada-online-a-los-112-directores-de-Liceos-Bicentenario-TP-y-entrega-medidas-de-apoyo-al-sector-1080x810.jpeg 1080w\" sizes=\"(max-width: 1200px) 100vw, 1200px\" \/><\/div>\t\t<\/a>\r\n\t<\/div>\r\n\r\n\t<div class=\"rpc-desc-box rpc-bg\">\r\n\t\t<div style=\"display: table; margin: auto;\">\r\n\t\t\t<div class=\"rpc-post-category\">\r\n\t\t\t\t<a href=\"https:\/\/www.ceat.cl\/inicio\/category\/liceo-bicentenario\/\">Liceo Bicentenario<\/a>\t\t\t<\/div>\r\n\t\t<\/div>\r\n\t\t<h3 class=\"rpc-post-title\">\r\n\t\t\t<a href=\"https:\/\/www.ceat.cl\/inicio\/mineduc-congrega-en-jornada-online-a-los-112-directores-de-liceos-bicentenario-tp-y-entrega-medidas-de-apoyo-al-sector\/\" target=\"_self\" class=\"rpc-title\">\r\n\t\t\t\tMineduc congrega en jornada online a los 112 directores de Liceos Bicentenario TP y entrega medidas de apoyo al sector\t\t\t<\/a>\r\n\t\t<\/h3>\r\n\t\t<div class=\"clearfix\"><\/div>\r\n\t\t<div class=\"rpc-post-para rpc-content\">\r\n\t\t\t29 May, 2020                            <br>\r\n                <a href=\"https:\/\/www.ceat.cl\/inicio\/mineduc-congrega-en-jornada-online-a-los-112-directores-de-liceos-bicentenario-tp-y-entrega-medidas-de-apoyo-al-sector\/\" target=\"_self\" class=\"\">Leer m\u00e1s<\/a>\r\n        \t\t<\/div>\r\n\t\t\t\t<div class=\"clearfix\"><\/div>\r\n\t<\/div>\r\n<\/div>                <\/div>    \r\n\r\n                            <div class=\"slick-slide carousel-item-9419\">\r\n                    <div class=\"rpc-post-carousel3 rpc-box\">\r\n\t<div class=\"rpc-post-image\">\r\n\t\t<a href=\"https:\/\/www.ceat.cl\/inicio\/mineduc-anuncia-primer-acuerdo-nacional-de-educacion-tecnico-profesional\/\" target=\"_self\">\r\n\t\t\t<div class=\"fixed-height-image\"><img loading=\"lazy\" decoding=\"async\" width=\"1152\" height=\"864\" src=\"https:\/\/www.ceat.cl\/inicio\/wp-content\/uploads\/2019\/08\/EC7Q5G-WwAUZyuI.jpeg\" class=\"attachment- size- wp-post-image\" alt=\"\" srcset=\"https:\/\/www.ceat.cl\/inicio\/wp-content\/uploads\/2019\/08\/EC7Q5G-WwAUZyuI.jpeg 1152w, https:\/\/www.ceat.cl\/inicio\/wp-content\/uploads\/2019\/08\/EC7Q5G-WwAUZyuI-300x225.jpeg 300w, https:\/\/www.ceat.cl\/inicio\/wp-content\/uploads\/2019\/08\/EC7Q5G-WwAUZyuI-768x576.jpeg 768w, https:\/\/www.ceat.cl\/inicio\/wp-content\/uploads\/2019\/08\/EC7Q5G-WwAUZyuI-1024x768.jpeg 1024w, https:\/\/www.ceat.cl\/inicio\/wp-content\/uploads\/2019\/08\/EC7Q5G-WwAUZyuI-510x382.jpeg 510w, https:\/\/www.ceat.cl\/inicio\/wp-content\/uploads\/2019\/08\/EC7Q5G-WwAUZyuI-1080x810.jpeg 1080w\" sizes=\"(max-width: 1152px) 100vw, 1152px\" \/><\/div>\t\t<\/a>\r\n\t<\/div>\r\n\r\n\t<div class=\"rpc-desc-box rpc-bg\">\r\n\t\t<div style=\"display: table; margin: auto;\">\r\n\t\t\t<div class=\"rpc-post-category\">\r\n\t\t\t\t<a href=\"https:\/\/www.ceat.cl\/inicio\/category\/liceo-bicentenario\/\">Liceo Bicentenario<\/a>\t\t\t<\/div>\r\n\t\t<\/div>\r\n\t\t<h3 class=\"rpc-post-title\">\r\n\t\t\t<a href=\"https:\/\/www.ceat.cl\/inicio\/mineduc-anuncia-primer-acuerdo-nacional-de-educacion-tecnico-profesional\/\" target=\"_self\" class=\"rpc-title\">\r\n\t\t\t\tMINEDUC anuncia Primer acuerdo nacional de Educaci\u00f3n T\u00e9cnico Profesional\t\t\t<\/a>\r\n\t\t<\/h3>\r\n\t\t<div class=\"clearfix\"><\/div>\r\n\t\t<div class=\"rpc-post-para rpc-content\">\r\n\t\t\t26 Ago, 2019                            <br>\r\n                <a href=\"https:\/\/www.ceat.cl\/inicio\/mineduc-anuncia-primer-acuerdo-nacional-de-educacion-tecnico-profesional\/\" target=\"_self\" class=\"\">Leer m\u00e1s<\/a>\r\n        \t\t<\/div>\r\n\t\t\t\t<div class=\"clearfix\"><\/div>\r\n\t<\/div>\r\n<\/div>                <\/div>    \r\n\r\n                            <div class=\"slick-slide carousel-item-8520\">\r\n                    <div class=\"rpc-post-carousel3 rpc-box\">\r\n\t<div class=\"rpc-post-image\">\r\n\t\t<a href=\"https:\/\/www.ceat.cl\/inicio\/con-la-presencia-del-intendente-del-biobio-y-el-seremi-de-educacion-se-realiza-firma-de-compromiso-bicentenario-2019\/\" target=\"_self\">\r\n\t\t\t<div class=\"fixed-height-image\"><img loading=\"lazy\" decoding=\"async\" width=\"1419\" height=\"900\" src=\"https:\/\/www.ceat.cl\/inicio\/wp-content\/uploads\/2019\/04\/Compromiso-Bicentenario-2019_2.jpg\" class=\"attachment- size- wp-post-image\" alt=\"\" srcset=\"https:\/\/www.ceat.cl\/inicio\/wp-content\/uploads\/2019\/04\/Compromiso-Bicentenario-2019_2.jpg 1419w, https:\/\/www.ceat.cl\/inicio\/wp-content\/uploads\/2019\/04\/Compromiso-Bicentenario-2019_2-300x190.jpg 300w, https:\/\/www.ceat.cl\/inicio\/wp-content\/uploads\/2019\/04\/Compromiso-Bicentenario-2019_2-768x487.jpg 768w, https:\/\/www.ceat.cl\/inicio\/wp-content\/uploads\/2019\/04\/Compromiso-Bicentenario-2019_2-1024x649.jpg 1024w, https:\/\/www.ceat.cl\/inicio\/wp-content\/uploads\/2019\/04\/Compromiso-Bicentenario-2019_2-1080x685.jpg 1080w\" sizes=\"(max-width: 1419px) 100vw, 1419px\" \/><\/div>\t\t<\/a>\r\n\t<\/div>\r\n\r\n\t<div class=\"rpc-desc-box rpc-bg\">\r\n\t\t<div style=\"display: table; margin: auto;\">\r\n\t\t\t<div class=\"rpc-post-category\">\r\n\t\t\t\t<a href=\"https:\/\/www.ceat.cl\/inicio\/category\/liceo-bicentenario\/\">Liceo Bicentenario<\/a>\t\t\t<\/div>\r\n\t\t<\/div>\r\n\t\t<h3 class=\"rpc-post-title\">\r\n\t\t\t<a href=\"https:\/\/www.ceat.cl\/inicio\/con-la-presencia-del-intendente-del-biobio-y-el-seremi-de-educacion-se-realiza-firma-de-compromiso-bicentenario-2019\/\" target=\"_self\" class=\"rpc-title\">\r\n\t\t\t\tCon la presencia del Intendente del Biobio y el SEREMI de Educaci\u00f3n se realiza firma de \u00abCompromiso Bicentenario 2019\u00bb\t\t\t<\/a>\r\n\t\t<\/h3>\r\n\t\t<div class=\"clearfix\"><\/div>\r\n\t\t<div class=\"rpc-post-para rpc-content\">\r\n\t\t\t26 Abr, 2019                            <br>\r\n                <a href=\"https:\/\/www.ceat.cl\/inicio\/con-la-presencia-del-intendente-del-biobio-y-el-seremi-de-educacion-se-realiza-firma-de-compromiso-bicentenario-2019\/\" target=\"_self\" class=\"\">Leer m\u00e1s<\/a>\r\n        \t\t<\/div>\r\n\t\t\t\t<div class=\"clearfix\"><\/div>\r\n\t<\/div>\r\n<\/div>                <\/div>    \r\n\r\n                \r\n        <\/section>\r\n        <\/div>\r\n        <style>#carousel-8585 .slick-prev:before, #carousel-8585 .slick-next:before { color: #dd3333 !important;}#carousel-8585 .slick-slide { margin: 2px 20px; } #carousel-8585 .rpc-title { color: ; } #carousel-8585 .rpc-content { color: ; } #carousel-8585 .rpc-date { background-color: ; } #carousel-8585 .rpc-date { color: ; } #carousel-8585 .rpc-overlay { background-color: ; } #carousel-8585 .carousel-style9 { border-top-color: ; } #carousel-8585 .carousel-style9 .button:before { background-color: ; } #carousel-8585 .rpc-box { box-shadow: ; } #carousel-8585 .rpc-bg { background-color: ; } #carousel-8585 .rpc-title-bg { background-color: ; } #carousel-8585 .fixed-height-image { height: 420px; } #carousel-8585 .slick-next:before { content: '\\ \\f0a9 '; } #carousel-8585 .slick-prev:before { content: '\\ \\f0a8'; }#carousel-8585 .rpc-title { font-family: ; } #carousel-8585 .rpc-title { font-size: ; } #carousel-8585 .rpc-content { font-family: ; } #carousel-8585 .rpc-content { font-size: ; } <\/style>\n<p>[\/et_pb_text][et_pb_text admin_label=\u00bbcarrousel celu\u00bb _builder_version=\u00bb3.19&#8243; disabled=\u00bboff\u00bb disabled_on=\u00bboff|off|on\u00bb]<\/p>\n        <div class=\"wcp-carousel-main-wrap\">\r\n        <section class=\"wcp-slick\"  data-autoplay = on data-autoplaySpeed = 2500 data-slidesToShowtab = 1 data-slidesToShowmob = 1 data-margin = 20px data-arrows = on id=\"carousel-8596\">\r\n\r\n                            <div class=\"slick-slide carousel-item-10425\">\r\n                    <div class=\"post-style-2 rpc-bg rpc-box\">\r\n    <div class=\"wcp-img-wrap\">\r\n        <a href=\"https:\/\/www.ceat.cl\/inicio\/mineduc-congrega-en-jornada-online-a-los-112-directores-de-liceos-bicentenario-tp-y-entrega-medidas-de-apoyo-al-sector\/\">\r\n            <img loading=\"lazy\" decoding=\"async\" width=\"1200\" height=\"900\" src=\"https:\/\/www.ceat.cl\/inicio\/wp-content\/uploads\/2020\/05\/Mineduc-congrega-en-jornada-online-a-los-112-directores-de-Liceos-Bicentenario-TP-y-entrega-medidas-de-apoyo-al-sector.jpeg\" class=\"attachment- size- wp-post-image\" alt=\"\" srcset=\"https:\/\/www.ceat.cl\/inicio\/wp-content\/uploads\/2020\/05\/Mineduc-congrega-en-jornada-online-a-los-112-directores-de-Liceos-Bicentenario-TP-y-entrega-medidas-de-apoyo-al-sector.jpeg 1200w, https:\/\/www.ceat.cl\/inicio\/wp-content\/uploads\/2020\/05\/Mineduc-congrega-en-jornada-online-a-los-112-directores-de-Liceos-Bicentenario-TP-y-entrega-medidas-de-apoyo-al-sector-300x225.jpeg 300w, https:\/\/www.ceat.cl\/inicio\/wp-content\/uploads\/2020\/05\/Mineduc-congrega-en-jornada-online-a-los-112-directores-de-Liceos-Bicentenario-TP-y-entrega-medidas-de-apoyo-al-sector-1024x768.jpeg 1024w, https:\/\/www.ceat.cl\/inicio\/wp-content\/uploads\/2020\/05\/Mineduc-congrega-en-jornada-online-a-los-112-directores-de-Liceos-Bicentenario-TP-y-entrega-medidas-de-apoyo-al-sector-768x576.jpeg 768w, https:\/\/www.ceat.cl\/inicio\/wp-content\/uploads\/2020\/05\/Mineduc-congrega-en-jornada-online-a-los-112-directores-de-Liceos-Bicentenario-TP-y-entrega-medidas-de-apoyo-al-sector-510x382.jpeg 510w, https:\/\/www.ceat.cl\/inicio\/wp-content\/uploads\/2020\/05\/Mineduc-congrega-en-jornada-online-a-los-112-directores-de-Liceos-Bicentenario-TP-y-entrega-medidas-de-apoyo-al-sector-1080x810.jpeg 1080w\" sizes=\"(max-width: 1200px) 100vw, 1200px\" \/>        <\/a>\r\n    <\/div>\r\n    <div class=\"wcp-content-wrap\">\r\n        <h3>\r\n            <a class=\"rpc-title\" href=\"https:\/\/www.ceat.cl\/inicio\/mineduc-congrega-en-jornada-online-a-los-112-directores-de-liceos-bicentenario-tp-y-entrega-medidas-de-apoyo-al-sector\/\" target=\"_self\" class=\"rpc-title\">\r\n                Mineduc congrega en jornada online a los 112 directores de Liceos Bicentenario TP y entrega medidas de apoyo al sector            <\/a>\r\n        <\/h3>\r\n                <div class=\"wcp-post-contents rpc-content\">\r\n\r\n            29 May, 2020\r\n                            <br>\r\n                <a href=\"https:\/\/www.ceat.cl\/inicio\/mineduc-congrega-en-jornada-online-a-los-112-directores-de-liceos-bicentenario-tp-y-entrega-medidas-de-apoyo-al-sector\/\" target=\"_self\" class=\"\">Leer m\u00e1s<\/a>\r\n        \r\n        <\/div>        \r\n    <\/div>\r\n<\/div>                <\/div>    \r\n\r\n                            <div class=\"slick-slide carousel-item-9419\">\r\n                    <div class=\"post-style-2 rpc-bg rpc-box\">\r\n    <div class=\"wcp-img-wrap\">\r\n        <a href=\"https:\/\/www.ceat.cl\/inicio\/mineduc-anuncia-primer-acuerdo-nacional-de-educacion-tecnico-profesional\/\">\r\n            <img loading=\"lazy\" decoding=\"async\" width=\"1152\" height=\"864\" src=\"https:\/\/www.ceat.cl\/inicio\/wp-content\/uploads\/2019\/08\/EC7Q5G-WwAUZyuI.jpeg\" class=\"attachment- size- wp-post-image\" alt=\"\" srcset=\"https:\/\/www.ceat.cl\/inicio\/wp-content\/uploads\/2019\/08\/EC7Q5G-WwAUZyuI.jpeg 1152w, https:\/\/www.ceat.cl\/inicio\/wp-content\/uploads\/2019\/08\/EC7Q5G-WwAUZyuI-300x225.jpeg 300w, https:\/\/www.ceat.cl\/inicio\/wp-content\/uploads\/2019\/08\/EC7Q5G-WwAUZyuI-768x576.jpeg 768w, https:\/\/www.ceat.cl\/inicio\/wp-content\/uploads\/2019\/08\/EC7Q5G-WwAUZyuI-1024x768.jpeg 1024w, https:\/\/www.ceat.cl\/inicio\/wp-content\/uploads\/2019\/08\/EC7Q5G-WwAUZyuI-510x382.jpeg 510w, https:\/\/www.ceat.cl\/inicio\/wp-content\/uploads\/2019\/08\/EC7Q5G-WwAUZyuI-1080x810.jpeg 1080w\" sizes=\"(max-width: 1152px) 100vw, 1152px\" \/>        <\/a>\r\n    <\/div>\r\n    <div class=\"wcp-content-wrap\">\r\n        <h3>\r\n            <a class=\"rpc-title\" href=\"https:\/\/www.ceat.cl\/inicio\/mineduc-anuncia-primer-acuerdo-nacional-de-educacion-tecnico-profesional\/\" target=\"_self\" class=\"rpc-title\">\r\n                MINEDUC anuncia Primer acuerdo nacional de Educaci\u00f3n T\u00e9cnico Profesional            <\/a>\r\n        <\/h3>\r\n                <div class=\"wcp-post-contents rpc-content\">\r\n\r\n            26 Ago, 2019\r\n                            <br>\r\n                <a href=\"https:\/\/www.ceat.cl\/inicio\/mineduc-anuncia-primer-acuerdo-nacional-de-educacion-tecnico-profesional\/\" target=\"_self\" class=\"\">Leer m\u00e1s<\/a>\r\n        \r\n        <\/div>        \r\n    <\/div>\r\n<\/div>                <\/div>    \r\n\r\n                            <div class=\"slick-slide carousel-item-8520\">\r\n                    <div class=\"post-style-2 rpc-bg rpc-box\">\r\n    <div class=\"wcp-img-wrap\">\r\n        <a href=\"https:\/\/www.ceat.cl\/inicio\/con-la-presencia-del-intendente-del-biobio-y-el-seremi-de-educacion-se-realiza-firma-de-compromiso-bicentenario-2019\/\">\r\n            <img loading=\"lazy\" decoding=\"async\" width=\"1419\" height=\"900\" src=\"https:\/\/www.ceat.cl\/inicio\/wp-content\/uploads\/2019\/04\/Compromiso-Bicentenario-2019_2.jpg\" class=\"attachment- size- wp-post-image\" alt=\"\" srcset=\"https:\/\/www.ceat.cl\/inicio\/wp-content\/uploads\/2019\/04\/Compromiso-Bicentenario-2019_2.jpg 1419w, https:\/\/www.ceat.cl\/inicio\/wp-content\/uploads\/2019\/04\/Compromiso-Bicentenario-2019_2-300x190.jpg 300w, https:\/\/www.ceat.cl\/inicio\/wp-content\/uploads\/2019\/04\/Compromiso-Bicentenario-2019_2-768x487.jpg 768w, https:\/\/www.ceat.cl\/inicio\/wp-content\/uploads\/2019\/04\/Compromiso-Bicentenario-2019_2-1024x649.jpg 1024w, https:\/\/www.ceat.cl\/inicio\/wp-content\/uploads\/2019\/04\/Compromiso-Bicentenario-2019_2-1080x685.jpg 1080w\" sizes=\"(max-width: 1419px) 100vw, 1419px\" \/>        <\/a>\r\n    <\/div>\r\n    <div class=\"wcp-content-wrap\">\r\n        <h3>\r\n            <a class=\"rpc-title\" href=\"https:\/\/www.ceat.cl\/inicio\/con-la-presencia-del-intendente-del-biobio-y-el-seremi-de-educacion-se-realiza-firma-de-compromiso-bicentenario-2019\/\" target=\"_self\" class=\"rpc-title\">\r\n                Con la presencia del Intendente del Biobio y el SEREMI de Educaci\u00f3n se realiza firma de \u00abCompromiso Bicentenario 2019\u00bb            <\/a>\r\n        <\/h3>\r\n                <div class=\"wcp-post-contents rpc-content\">\r\n\r\n            26 Abr, 2019\r\n                            <br>\r\n                <a href=\"https:\/\/www.ceat.cl\/inicio\/con-la-presencia-del-intendente-del-biobio-y-el-seremi-de-educacion-se-realiza-firma-de-compromiso-bicentenario-2019\/\" target=\"_self\" class=\"\">Leer m\u00e1s<\/a>\r\n        \r\n        <\/div>        \r\n    <\/div>\r\n<\/div>                <\/div>    \r\n\r\n                \r\n        <\/section>\r\n        <\/div>\r\n        <style>#carousel-8596 .slick-prev:before, #carousel-8596 .slick-next:before { color: #dd3333 !important;}#carousel-8596 .slick-slide { margin: 2px 20px; } #carousel-8596 .rpc-title { color: ; } #carousel-8596 .rpc-content { color: ; } #carousel-8596 .rpc-date { background-color: ; } #carousel-8596 .rpc-date { color: ; } #carousel-8596 .rpc-overlay { background-color: ; } #carousel-8596 .carousel-style9 { border-top-color: ; } #carousel-8596 .carousel-style9 .button:before { background-color: ; } #carousel-8596 .rpc-box { box-shadow: ; } #carousel-8596 .rpc-bg { background-color: ; } #carousel-8596 .rpc-title-bg { background-color: ; } #carousel-8596 .fixed-height-image { height: ; } #carousel-8596 .slick-next:before { content: '\\ \\f0a9 '; } #carousel-8596 .slick-prev:before { content: '\\ \\f0a8'; }#carousel-8596 .rpc-title { font-family: ; } #carousel-8596 .rpc-title { font-size: ; } #carousel-8596 .rpc-content { font-family: ; } #carousel-8596 .rpc-content { font-size: ; } <\/style>\n<p>[\/et_pb_text][\/et_pb_column][et_pb_column type=\u00bb1_5&#8243;][\/et_pb_column][\/et_pb_row][et_pb_row _builder_version=\u00bb3.19&#8243; custom_margin=\u00bb4px|||\u00bb custom_padding=\u00bb4px|||\u00bb][et_pb_column type=\u00bb4_4&#8243;][et_pb_text _builder_version=\u00bb3.19&#8243;]<\/p>\n<div class=\"pt-cv-wrapper et_smooth_scroll_disabled\"><div class=\"pt-cv-view pt-cv-grid pt-cv-colsys\" id=\"pt-cv-view-f484855n0x\"><div data-id=\"pt-cv-page-1\" class=\"pt-cv-page\" data-cvc=\"5\"><div class=\"col-md-2 col-sm-12 col-xs-12 pt-cv-content-item pt-cv-1-col\" ><div class='pt-cv-ifield'><a href=\"https:\/\/www.ceat.cl\/inicio\/mineduc-congrega-en-jornada-online-a-los-112-directores-de-liceos-bicentenario-tp-y-entrega-medidas-de-apoyo-al-sector\/\" class=\"_blank pt-cv-href-thumbnail pt-cv-thumb-default\" target=\"_blank\" ><img loading=\"lazy\" decoding=\"async\" width=\"300\" height=\"225\" src=\"https:\/\/www.ceat.cl\/inicio\/wp-content\/uploads\/2020\/05\/Mineduc-congrega-en-jornada-online-a-los-112-directores-de-Liceos-Bicentenario-TP-y-entrega-medidas-de-apoyo-al-sector-300x225.jpeg\" class=\"pt-cv-thumbnail\" alt=\"\" \/><\/a>\n<h4 class=\"pt-cv-title\"><a href=\"https:\/\/www.ceat.cl\/inicio\/mineduc-congrega-en-jornada-online-a-los-112-directores-de-liceos-bicentenario-tp-y-entrega-medidas-de-apoyo-al-sector\/\" class=\"_blank\" target=\"_blank\" >Mineduc congrega en jornada online a los 112 directores de Liceos Bicentenario TP y entrega medidas de apoyo al sector<\/a><\/h4><\/div><\/div>\n<div class=\"col-md-2 col-sm-12 col-xs-12 pt-cv-content-item pt-cv-1-col\" ><div class='pt-cv-ifield'><a href=\"https:\/\/www.ceat.cl\/inicio\/mineduc-anuncia-primer-acuerdo-nacional-de-educacion-tecnico-profesional\/\" class=\"_blank pt-cv-href-thumbnail pt-cv-thumb-default\" target=\"_blank\" ><img loading=\"lazy\" decoding=\"async\" width=\"300\" height=\"225\" src=\"https:\/\/www.ceat.cl\/inicio\/wp-content\/uploads\/2019\/08\/EC7Q5G-WwAUZyuI-300x225.jpeg\" class=\"pt-cv-thumbnail\" alt=\"\" \/><\/a>\n<h4 class=\"pt-cv-title\"><a href=\"https:\/\/www.ceat.cl\/inicio\/mineduc-anuncia-primer-acuerdo-nacional-de-educacion-tecnico-profesional\/\" class=\"_blank\" target=\"_blank\" >MINEDUC anuncia Primer acuerdo nacional de Educaci\u00f3n T\u00e9cnico Profesional<\/a><\/h4><\/div><\/div>\n<div class=\"col-md-2 col-sm-12 col-xs-12 pt-cv-content-item pt-cv-1-col\" ><div class='pt-cv-ifield'><a href=\"https:\/\/www.ceat.cl\/inicio\/con-la-presencia-del-intendente-del-biobio-y-el-seremi-de-educacion-se-realiza-firma-de-compromiso-bicentenario-2019\/\" class=\"_blank pt-cv-href-thumbnail pt-cv-thumb-default\" target=\"_blank\" ><img loading=\"lazy\" decoding=\"async\" width=\"300\" height=\"190\" src=\"https:\/\/www.ceat.cl\/inicio\/wp-content\/uploads\/2019\/04\/Compromiso-Bicentenario-2019_2-300x190.jpg\" class=\"pt-cv-thumbnail\" alt=\"\" \/><\/a>\n<h4 class=\"pt-cv-title\"><a href=\"https:\/\/www.ceat.cl\/inicio\/con-la-presencia-del-intendente-del-biobio-y-el-seremi-de-educacion-se-realiza-firma-de-compromiso-bicentenario-2019\/\" class=\"_blank\" target=\"_blank\" >Con la presencia del Intendente del Biobio y el SEREMI de Educaci\u00f3n se realiza firma de \u00abCompromiso Bicentenario 2019\u00bb<\/a><\/h4><\/div><\/div>\n<div class=\"col-md-2 col-sm-12 col-xs-12 pt-cv-content-item pt-cv-1-col\" ><div class='pt-cv-ifield'><a href=\"https:\/\/www.ceat.cl\/inicio\/directivos-del-ceat-asistieron-a-jornada-de-trabajo-de-liceos-bicentenario-en-el-palacio-de-la-moneda\/\" class=\"_blank pt-cv-href-thumbnail pt-cv-thumb-default\" target=\"_blank\" ><img loading=\"lazy\" decoding=\"async\" width=\"300\" height=\"174\" src=\"https:\/\/www.ceat.cl\/inicio\/wp-content\/uploads\/2019\/03\/LiceosBicentenario_1-300x174.jpg\" class=\"pt-cv-thumbnail\" alt=\"\" \/><\/a>\n<h4 class=\"pt-cv-title\"><a href=\"https:\/\/www.ceat.cl\/inicio\/directivos-del-ceat-asistieron-a-jornada-de-trabajo-de-liceos-bicentenario-en-el-palacio-de-la-moneda\/\" class=\"_blank\" target=\"_blank\" >Directivos del CEAT asistieron a jornada de trabajo de Liceos Bicentenario en el Palacio de la Moneda<\/a><\/h4><\/div><\/div>\n<div class=\"col-md-4 col-sm-12 col-xs-12 pt-cv-content-item pt-cv-1-col\" ><div class='pt-cv-ifield'><a href=\"https:\/\/www.ceat.cl\/inicio\/1os-y-3os-medios-rindieron-evaluacion-diagnostica-liceos-bicentenario\/\" class=\"_blank pt-cv-href-thumbnail pt-cv-thumb-default\" target=\"_blank\" ><img loading=\"lazy\" decoding=\"async\" width=\"300\" height=\"225\" src=\"https:\/\/www.ceat.cl\/inicio\/wp-content\/uploads\/2019\/03\/evaluacio\u0301n-diagnostica-liceos-bicentenario_1-300x225.jpg\" class=\"pt-cv-thumbnail\" alt=\"\" \/><\/a>\n<h4 class=\"pt-cv-title\"><a href=\"https:\/\/www.ceat.cl\/inicio\/1os-y-3os-medios-rindieron-evaluacion-diagnostica-liceos-bicentenario\/\" class=\"_blank\" target=\"_blank\" >1\u00bas y 3\u00bas medios rindieron evaluaci\u00f3n diagn\u00f3stica Liceos Bicentenario<\/a><\/h4><\/div><\/div><\/div><\/div>\n<div class=\" pt-cv-pagination-wrapper\"><ul class=\"pt-cv-pagination pt-cv-normal pagination\" data-totalpages=\"2\" data-currentpage=\"1\" data-sid=\"f484855n0x\" data-unid=\"\" data-isblock=\"\" data-postid=\"\"><li class=\"active\"><a href=\"#\">1<\/a><\/li>\n\t<li ><a class=\"\" href=\"https:\/\/www.ceat.cl\/inicio\/wp-json\/wp\/v2\/pages\/8378\/?_page=2\">2<\/a><\/li>\n\t<li ><a class=\" \" href=\"https:\/\/www.ceat.cl\/inicio\/wp-json\/wp\/v2\/pages\/8378\/?_page=2\">&rsaquo;<\/a><\/li>\n\t<\/ul><img loading=\"lazy\" decoding=\"async\" width=\"15\" height=\"15\" class=\"pt-cv-spinner\" alt=\"Cargando...\" src=\"data:image\/gif;base64,R0lGODlhDwAPALMPAMrKygwMDJOTkz09PZWVla+vr3p6euTk5M7OzuXl5TMzMwAAAJmZmWZmZszMzP\/\/\/yH\/C05FVFNDQVBFMi4wAwEAAAAh+QQFCgAPACwAAAAADwAPAAAEQvDJaZaZOIcV8iQK8VRX4iTYoAwZ4iCYoAjZ4RxejhVNoT+mRGP4cyF4Pp0N98sBGIBMEMOotl6YZ3S61Bmbkm4mAgAh+QQFCgAPACwAAAAADQANAAAENPDJSRSZeA418itN8QiK8BiLITVsFiyBBIoYqnoewAD4xPw9iY4XLGYSjkQR4UAUD45DLwIAIfkEBQoADwAsAAAAAA8ACQAABC\/wyVlamTi3nSdgwFNdhEJgTJoNyoB9ISYoQmdjiZPcj7EYCAeCF1gEDo4Dz2eIAAAh+QQFCgAPACwCAAAADQANAAAEM\/DJBxiYeLKdX3IJZT1FU0iIg2RNKx3OkZVnZ98ToRD4MyiDnkAh6BkNC0MvsAj0kMpHBAAh+QQFCgAPACwGAAAACQAPAAAEMDC59KpFDll73HkAA2wVY5KgiK5b0RRoI6MuzG6EQqCDMlSGheEhUAgqgUUAFRySIgAh+QQFCgAPACwCAAIADQANAAAEM\/DJKZNLND\/kkKaHc3xk+QAMYDKsiaqmZCxGVjSFFCxB1vwy2oOgIDxuucxAMTAJFAJNBAAh+QQFCgAPACwAAAYADwAJAAAEMNAs86q1yaWwwv2Ig0jUZx3OYa4XoRAfwADXoAwfo1+CIjyFRuEho60aSNYlOPxEAAAh+QQFCgAPACwAAAIADQANAAAENPA9s4y8+IUVcqaWJ4qEQozSoAzoIyhCK2NFU2SJk0hNnyEOhKR2AzAAj4Pj4GE4W0bkJQIAOw==\" \/><div class=\"clear pt-cv-clear-pagination\"><\/div><\/div><\/div>\n<p>[\/et_pb_text][\/et_pb_column][\/et_pb_row][\/et_pb_section]<\/p>\n","protected":false},"excerpt":{"rendered":"<p>Con la presencia del Intendente de la Regi\u00f3n del Biob\u00edo, Sr. Sergio Giacaman, el SEREMI de Educaci\u00f3n, Sr. Fernando Pe\u00f1a, y directivos de los liceos Bicentenario TP, se realiz\u00f3 la firma \u00abCompromiso Bicentenario 2019\u00bb, cuyo es reforzar el acuerdo entre todos los actores de la comunidad escolar con los proyectos educativos de los que participan [&hellip;]<\/p>\n","protected":false},"author":2,"featured_media":0,"parent":0,"menu_order":0,"comment_status":"closed","ping_status":"closed","template":"","meta":{"_et_pb_use_builder":"on","_et_pb_old_content":"","_et_gb_content_width":"","footnotes":""},"class_list":["post-8378","page","type-page","status-publish","hentry"],"_links":{"self":[{"href":"https:\/\/www.ceat.cl\/inicio\/wp-json\/wp\/v2\/pages\/8378","targetHints":{"allow":["GET"]}}],"collection":[{"href":"https:\/\/www.ceat.cl\/inicio\/wp-json\/wp\/v2\/pages"}],"about":[{"href":"https:\/\/www.ceat.cl\/inicio\/wp-json\/wp\/v2\/types\/page"}],"author":[{"embeddable":true,"href":"https:\/\/www.ceat.cl\/inicio\/wp-json\/wp\/v2\/users\/2"}],"replies":[{"embeddable":true,"href":"https:\/\/www.ceat.cl\/inicio\/wp-json\/wp\/v2\/comments?post=8378"}],"version-history":[{"count":4,"href":"https:\/\/www.ceat.cl\/inicio\/wp-json\/wp\/v2\/pages\/8378\/revisions"}],"predecessor-version":[{"id":8598,"href":"https:\/\/www.ceat.cl\/inicio\/wp-json\/wp\/v2\/pages\/8378\/revisions\/8598"}],"wp:attachment":[{"href":"https:\/\/www.ceat.cl\/inicio\/wp-json\/wp\/v2\/media?parent=8378"}],"curies":[{"name":"wp","href":"https:\/\/api.w.org\/{rel}","templated":true}]}}